{"id":75,"date":"2021-02-09T15:12:24","date_gmt":"2021-02-09T14:12:24","guid":{"rendered":"http:\/\/lescompagnons.be\/?page_id=75"},"modified":"2024-08-17T14:35:15","modified_gmt":"2024-08-17T12:35:15","slug":"les-samedis","status":"publish","type":"page","link":"https:\/\/lescompagnons.be\/index.php\/les-samedis\/","title":{"rendered":"Les samedis"},"content":{"rendered":"\n<p>D\u00e8s 13h30, les enfants sont pris en charge par les animateurs des diff\u00e9rentes sections. Ils d\u00e9butent l\u2019apr\u00e8s-midi par des chants et\/ou des petits jeux pour apprendre \u00e0 se connaitre. Ensuite, ils partent sur le lieu de l\u2019activit\u00e9. Une fois arriv\u00e9s, ils entrent dans le monde du jeu gr\u00e2ce \u00e0 une motivation et des d\u00e9guisements. Voici les diverses vari\u00e9t\u00e9s de jeux&nbsp;qui peuvent \u00eatre pr\u00e9sent\u00e9s&nbsp;: <\/p>\n\n\n\n<p>Coop\u00e9ration, \u00b7&nbsp;&nbsp;&nbsp;&nbsp;&nbsp;&nbsp;&nbsp;&nbsp; D\u00e9couverte, \u00b7&nbsp;&nbsp;&nbsp;&nbsp;&nbsp;&nbsp;&nbsp;&nbsp; Nature, \u00b7&nbsp;&nbsp;&nbsp;&nbsp;&nbsp;&nbsp;&nbsp;&nbsp; Ville, \u00b7&nbsp;&nbsp;&nbsp;&nbsp;&nbsp;&nbsp;&nbsp;&nbsp; Sportif, \u00b7&nbsp;&nbsp;&nbsp;&nbsp;&nbsp;&nbsp;&nbsp;&nbsp; Comp\u00e9tition, \u00b7&nbsp;&nbsp;&nbsp;&nbsp;&nbsp;&nbsp;&nbsp;&nbsp; Orientation, \u00b7&nbsp;&nbsp;&nbsp;&nbsp;&nbsp;&nbsp;&nbsp;&nbsp; Construction \u00b7&nbsp;&nbsp;&nbsp;&nbsp;&nbsp;&nbsp;&nbsp;&nbsp; \u2026 <\/p>\n\n\n\n<p>Une fois 17h, le mouvement se r\u00e9unit avant que chacun reparte chez lui avec l\u2019envie d\u2019\u00eatre samedi prochain&nbsp;!<\/p>\n\n\n","protected":false},"excerpt":{"rendered":"<p>D\u00e8s 13h30, les enfants sont pris en charge par les animateurs des diff\u00e9rentes sections. Ils d\u00e9butent l\u2019apr\u00e8s-midi par des chants et\/ou des petits jeux pour apprendre \u00e0 se connaitre. Ensuite, ils partent sur le lieu de l\u2019activit\u00e9. Une fois arriv\u00e9s, ils entrent dans le monde du jeu gr\u00e2ce \u00e0 une motivation et des d\u00e9guisements. Voici &hellip; <\/p>\n<p class=\"link-more\"><a href=\"https:\/\/lescompagnons.be\/index.php\/les-samedis\/\" class=\"more-link\">Continuer la lecture<span class=\"screen-reader-text\"> de &laquo;&nbsp;Les samedis&nbsp;&raquo;<\/span><\/a><\/p>\n","protected":false},"author":1,"featured_media":0,"parent":0,"menu_order":0,"comment_status":"closed","ping_status":"closed","template":"","meta":{"ngg_post_thumbnail":0},"_links":{"self":[{"href":"https:\/\/lescompagnons.be\/index.php\/wp-json\/wp\/v2\/pages\/75"}],"collection":[{"href":"https:\/\/lescompagnons.be\/index.php\/wp-json\/wp\/v2\/pages"}],"about":[{"href":"https:\/\/lescompagnons.be\/index.php\/wp-json\/wp\/v2\/types\/page"}],"author":[{"embeddable":true,"href":"https:\/\/lescompagnons.be\/index.php\/wp-json\/wp\/v2\/users\/1"}],"replies":[{"embeddable":true,"href":"https:\/\/lescompagnons.be\/index.php\/wp-json\/wp\/v2\/comments?post=75"}],"version-history":[{"count":4,"href":"https:\/\/lescompagnons.be\/index.php\/wp-json\/wp\/v2\/pages\/75\/revisions"}],"predecessor-version":[{"id":2021,"href":"https:\/\/lescompagnons.be\/index.php\/wp-json\/wp\/v2\/pages\/75\/revisions\/2021"}],"wp:attachment":[{"href":"https:\/\/lescompagnons.be\/index.php\/wp-json\/wp\/v2\/media?parent=75"}],"curies":[{"name":"wp","href":"https:\/\/api.w.org\/{rel}","templated":true}]}}